{"id":78,"date":"2015-12-01T13:01:22","date_gmt":"2015-12-01T13:01:22","guid":{"rendered":"http:\/\/entwicklung.spielmobil-konz.de\/wordpress\/?page_id=78"},"modified":"2026-07-29T15:44:08","modified_gmt":"2026-07-29T13:44:08","slug":"referenzen","status":"publish","type":"page","link":"https:\/\/www.spielmobil-konz.de\/?page_id=78","title":{"rendered":"Referenzen"},"content":{"rendered":"<table style=\"width: 100.444%; height: 3318px;\">\n<tbody>\n<tr>\n<td style=\"width: 1.12994%;\"><\/td>\n<td style=\"vertical-align: top; text-align: left; width: 35.1897%;\" colspan=\"2\">\n<h3>Vertrauen durch Erfahrung. Begeisterung durch Erlebnisse.<\/h3>\n<p class=\"isSelectedEnd\">Seit vielen Jahren begleiten wir St\u00e4dte und Gemeinden, Unternehmen, Vereine, Schulen, Kindertagesst\u00e4tten und Familien bei der Planung und Umsetzung erfolgreicher Veranstaltungen in der gesamten Gro\u00dfregion.<\/p>\n<p class=\"isSelectedEnd\">Als erfahrener Partner f\u00fcr Spiel-, Sport- und Eventmodule sowie professionelles Eventequipment begleiten wir Veranstaltungen jeder Gr\u00f6\u00dfe \u2013 zuverl\u00e4ssig, flexibel und mit einem besonderen Gesp\u00fcr f\u00fcr Erlebnisse, die Menschen verbinden.<\/p>\n<p class=\"isSelectedEnd\">Ob Stadtfest, Betriebsfeier, Schulfest, Vereinsjubil\u00e4um oder Familienevent \u2013 mit au\u00dfergew\u00f6hnlichen Spiel- und Eventmodulen, professionellem Eventequipment und pers\u00f6nlichem Fullservice schaffen wir unvergessliche Erlebnisse f\u00fcr Gro\u00df und Klein.<\/p>\n<p>Die folgenden Referenzen und Impressionen geben Ihnen einen Einblick in die Vielfalt unserer Veranstaltungen und das Vertrauen, das zahlreiche Veranstalter seit vielen Jahren in das Spielmobil Konz setzen.<\/p>\n<p><strong><br \/>\n<\/strong><\/td>\n<\/tr>\n<tr style=\"height: 24px;\">\n<td style=\"width: 1.12994%; height: 24px;\"><\/td>\n<td style=\"height: 24px; vertical-align: top; text-align: left; width: 35.1897%;\"><strong>ABN AMRO Bank, <\/strong>Luxembourg<\/td>\n<td style=\"height: 24px; width: 28.172%; text-align: left;\">Betriebsfeier &amp; Mitarbeiterfeste<\/td>\n<\/tr>\n<tr style=\"height: 24px;\">\n<td style=\"width: 1.12994%; height: 24px;\"><\/td>\n<td style=\"height: 24px; vertical-align: top; text-align: left; width: 35.1897%;\"><strong>Allianz Global, <\/strong>Luxembourg<strong><br \/>\n<\/strong><\/td>\n<td style=\"height: 24px; width: 28.172%; text-align: left;\">Betriebsfeier &amp; Mitarbeiterfeste<\/td>\n<\/tr>\n<tr style=\"height: 23px;\">\n<td style=\"width: 1.12994%; height: 23px;\"><\/td>\n<td style=\"vertical-align: top; text-align: left; width: 35.1897%; height: 23px;\"><strong>Administration Communale de Larochette<\/strong><\/td>\n<td style=\"width: 28.172%; text-align: left; height: 23px;\">Schulfeste,<\/td>\n<\/tr>\n<tr style=\"height: 24px;\">\n<td style=\"width: 1.12994%; height: 24px;\"><\/td>\n<td style=\"height: 24px; vertical-align: top; text-align: left; width: 35.1897%;\"><strong>Administration Communale de Niederanven<\/strong><\/td>\n<td style=\"height: 24px; width: 28.172%; text-align: left;\">Nationalfeiertage seit 2013<\/td>\n<\/tr>\n<tr style=\"height: 23px;\">\n<td style=\"width: 1.12994%; height: 23px;\"><\/td>\n<td style=\"vertical-align: top; text-align: left; width: 35.1897%; height: 23px;\"><strong>Administration Communale de P\u00e9tange<\/strong><\/td>\n<td style=\"width: 28.172%; text-align: left; height: 23px;\">Schulfeste<\/td>\n<\/tr>\n<tr style=\"height: 46px;\">\n<td style=\"width: 1.12994%; height: 46px;\"><\/td>\n<td style=\"vertical-align: top; text-align: left; width: 35.1897%; height: 46px;\"><strong>Administration Communale deSandweiler<\/strong><\/td>\n<td style=\"width: 28.172%; text-align: left; height: 46px;\">Schulfeste, Nationalfeiertage, nuit de sport luxembourg<\/td>\n<\/tr>\n<tr style=\"height: 24px;\">\n<td style=\"width: 1.12994%; height: 24px;\"><\/td>\n<td style=\"height: 24px; vertical-align: top; text-align: left; width: 35.1897%;\"><strong>Alrotec Konz<\/strong><\/td>\n<td style=\"height: 24px; width: 28.172%; text-align: left;\">Betriebsfeiern<\/td>\n<\/tr>\n<tr style=\"height: 23px;\">\n<td style=\"width: 1.12994%; height: 23px;\"><\/td>\n<td style=\"vertical-align: top; text-align: left; width: 35.1897%; height: 23px;\"><strong>AOK Rheinland-Pfalz\/Saarland<\/strong><\/td>\n<td style=\"width: 28.172%; text-align: left; height: 23px;\">Trier spielt, Gesundheitstage, etc.<\/td>\n<\/tr>\n<tr style=\"height: 24px;\">\n<td style=\"width: 1.12994%; height: 24px;\"><\/td>\n<td style=\"height: 24px; vertical-align: top; text-align: left; width: 35.1897%;\"><strong>Arena Trier<\/strong><\/td>\n<td style=\"height: 24px; width: 28.172%; text-align: left;\">Trierer Automessen diverse Events seit 2009<\/td>\n<\/tr>\n<tr style=\"height: 24px;\">\n<td style=\"width: 1.12994%; height: 24px;\"><\/td>\n<td style=\"height: 24px; vertical-align: top; text-align: left; width: 35.1897%;\"><strong>Arla Pronsfeld<\/strong><\/td>\n<td style=\"height: 24px; width: 28.172%; text-align: left;\">diverse Events<\/td>\n<\/tr>\n<tr style=\"height: 23px;\">\n<td style=\"width: 1.12994%; height: 23px;\"><\/td>\n<td style=\"vertical-align: top; text-align: left; width: 35.1897%; height: 23px;\"><strong>Astrid-Lidgren-Schule<\/strong><\/td>\n<td style=\"width: 28.172%; text-align: left; height: 23px;\">Schulfeste<\/td>\n<\/tr>\n<tr style=\"height: 24px;\">\n<td style=\"width: 1.12994%; height: 24px;\"><\/td>\n<td style=\"height: 24px; vertical-align: top; text-align: left; width: 35.1897%;\"><strong>Audizentrum Trier<\/strong><\/td>\n<td style=\"height: 24px; width: 28.172%; text-align: left;\">Autoshows und Hausmessen<\/td>\n<\/tr>\n<tr style=\"height: 24px;\">\n<td style=\"width: 1.12994%; height: 24px;\"><\/td>\n<td style=\"height: 24px; text-align: left; width: 35.1897%;\"><strong>Autohaus Eifel-Mosel GmbH<\/strong><\/td>\n<td style=\"height: 24px; width: 28.172%; text-align: left;\">Autoshows und Hausmessen<\/td>\n<\/tr>\n<tr style=\"height: 24px;\">\n<td style=\"width: 1.12994%; height: 25px;\"><\/td>\n<td style=\"height: 25px; text-align: left; width: 35.1897%;\"><strong>Autohaus Mertes, Bitburg<\/strong><\/td>\n<td style=\"height: 25px; width: 28.172%; text-align: left;\">Autoshows und Hausmessen<\/td>\n<\/tr>\n<tr style=\"height: 24px;\">\n<td style=\"width: 1.12994%; height: 24px;\"><\/td>\n<td style=\"height: 24px; text-align: left; width: 35.1897%;\"><strong>bbk Baubedarf Konz GmbH &amp; Co. KG<\/strong><\/td>\n<td style=\"height: 24px; width: 28.172%; text-align: left;\">Aktionstage und Hausmessen<\/td>\n<\/tr>\n<tr style=\"height: 24px;\">\n<td style=\"width: 1.12994%; height: 24px;\"><\/td>\n<td style=\"height: 24px; vertical-align: top; text-align: left; width: 35.1897%;\"><strong>Bitburger Braugruppe<\/strong><\/td>\n<td style=\"height: 24px; vertical-align: top; width: 28.172%; text-align: left;\">Betriebsfeiern- und Familiedays seit 2008<\/td>\n<\/tr>\n<tr style=\"height: 24px;\">\n<td style=\"width: 1.12994%; height: 24px;\"><\/td>\n<td style=\"height: 24px; vertical-align: top; text-align: left; width: 35.1897%;\"><\/td>\n<td style=\"height: 24px; vertical-align: top; width: 28.172%; text-align: left;\">200 Jahre Bitburger Brauerei Jubil\u00e4um 2017<\/td>\n<\/tr>\n<tr style=\"height: 24px;\">\n<td style=\"width: 1.12994%; height: 24px;\"><\/td>\n<td style=\"height: 24px; vertical-align: top; text-align: left; width: 35.1897%;\"><strong>BoB Marketing &amp; Projects, <\/strong>Luxemburg<\/td>\n<td style=\"height: 24px; width: 28.172%; text-align: left;\">SUN Days der Gemeinde Remich, Lux., diverse Eventsseit 2013<\/td>\n<\/tr>\n<tr style=\"height: 24px;\">\n<td style=\"width: 1.12994%; height: 24px;\"><\/td>\n<td style=\"height: 24px; vertical-align: top; text-align: left; width: 35.1897%;\"><strong>Bungert OHG<\/strong><\/td>\n<td style=\"height: 24px; width: 28.172%; text-align: left;\">Familyday beim Wittlicher Oktoberfest seit 2014<\/td>\n<\/tr>\n<tr style=\"height: 24px;\">\n<td style=\"width: 1.12994%; height: 24px;\"><\/td>\n<td style=\"height: 24px; vertical-align: top; text-align: left; width: 35.1897%;\"><strong>B\u00fcrgerhaus Trier-Nord e.V.<\/strong><\/td>\n<td style=\"height: 24px; width: 28.172%; text-align: left;\">Aktionstage<\/td>\n<\/tr>\n<tr style=\"height: 23px;\">\n<td style=\"width: 1.12994%; height: 23px;\"><\/td>\n<td style=\"text-align: left; width: 35.1897%; height: 23px;\"><strong>Caritasverband f\u00fcr die Di\u00f6zese Trier<\/strong><\/td>\n<td style=\"width: 28.172%; text-align: left; height: 23px;\">Aktionstage<\/td>\n<\/tr>\n<tr style=\"height: 23px;\">\n<td style=\"width: 1.12994%; height: 23px;\"><\/td>\n<td style=\"text-align: left; width: 35.1897%; height: 23px;\"><strong>CFL Service Finances Comptabliti\u00e9<\/strong><\/td>\n<td style=\"width: 28.172%; text-align: left; height: 23px;\">Aktionstage<\/td>\n<\/tr>\n<tr style=\"height: 24px;\">\n<td style=\"width: 1.12994%; height: 24px;\"><\/td>\n<td style=\"height: 24px; text-align: left; width: 35.1897%;\"><strong>City Initiative Trier<\/strong><\/td>\n<td style=\"height: 24px; width: 28.172%; text-align: left;\">Trier spielt, Aktionstage und verkaufsoffene Sonntage<\/td>\n<\/tr>\n<tr style=\"height: 24px;\">\n<td style=\"width: 1.12994%; height: 24px;\"><\/td>\n<td style=\"height: 24px; text-align: left; width: 35.1897%;\"><strong>CinemaxX Entertainment GmbH &amp; Co KG<\/strong><\/td>\n<td style=\"height: 24px; width: 28.172%; text-align: left;\">Aktionstage<\/td>\n<\/tr>\n<tr style=\"height: 23px;\">\n<td style=\"width: 1.12994%; height: 23px;\"><\/td>\n<td style=\"text-align: left; width: 35.1897%; height: 23px;\"><strong>Club Aktiv Trier e.V.<\/strong><\/td>\n<td style=\"width: 28.172%; text-align: left; height: 23px;\">Aktionstage<\/td>\n<\/tr>\n<tr style=\"height: 24px;\">\n<td style=\"width: 1.12994%; height: 24px;\"><\/td>\n<td style=\"height: 24px; text-align: left; width: 35.1897%;\"><strong>Comic Festival, Contern<\/strong>, Luxemburg<\/td>\n<td style=\"height: 24px; width: 28.172%; text-align: left;\">Comic Festival seit 2008<\/td>\n<\/tr>\n<tr style=\"height: 24px;\">\n<td style=\"width: 1.12994%; height: 24px;\"><\/td>\n<td style=\"height: 24px; text-align: left; width: 35.1897%;\"><strong>Commune de Contern<\/strong><\/td>\n<td style=\"height: 24px; width: 28.172%; text-align: left;\">Schulfeste seit 2016<\/td>\n<\/tr>\n<tr style=\"height: 23px;\">\n<td style=\"width: 1.12994%; height: 23px;\"><\/td>\n<td style=\"text-align: left; width: 35.1897%; height: 23px;\"><strong>Commune de Mertert, Wasserbillig<\/strong><\/td>\n<td style=\"width: 28.172%; text-align: left; height: 23px;\">Aktionstage, Nationalfeiertage<\/td>\n<\/tr>\n<tr style=\"height: 24px;\">\n<td style=\"width: 1.12994%; height: 24px;\"><\/td>\n<td style=\"height: 24px; text-align: left; width: 35.1897%;\"><strong>Commune de Sandweiler<\/strong><\/td>\n<td style=\"height: 24px; width: 28.172%; text-align: left;\">Nationalfeiertage seit 2013 und Schulfeste<\/td>\n<\/tr>\n<tr style=\"height: 23px;\">\n<td style=\"width: 1.12994%; height: 23px;\"><\/td>\n<td style=\"text-align: left; width: 35.1897%; height: 23px;\"><strong>DAK Krankenkasse<\/strong><\/td>\n<td style=\"width: 28.172%; text-align: left; height: 23px;\">Aktionsgesundheitstage<\/td>\n<\/tr>\n<tr style=\"height: 24px;\">\n<td style=\"width: 1.12994%; height: 24px;\"><\/td>\n<td style=\"height: 24px; text-align: left; width: 35.1897%;\"><strong>DEKA Bank Luxemburg S.A<\/strong><\/td>\n<td style=\"height: 24px; width: 28.172%; text-align: left;\">Family- and Friendsday 2011, 2012, 2013,<\/td>\n<\/tr>\n<tr style=\"height: 23px;\">\n<td style=\"width: 1.12994%; height: 23px;\"><\/td>\n<td style=\"text-align: left; width: 35.1897%; height: 23px;\"><strong>Deutsches Rotes Kreuz<\/strong><\/td>\n<td style=\"width: 28.172%; text-align: left; height: 23px;\">Aktionstage, Mitarbeiterfest<\/td>\n<\/tr>\n<tr style=\"height: 23px;\">\n<td style=\"width: 1.12994%; height: 23px;\"><\/td>\n<td style=\"text-align: left; width: 35.1897%; height: 23px;\"><strong>Die Continentale Landesdirektion Trier<\/strong><\/td>\n<td style=\"width: 28.172%; text-align: left; height: 23px;\">Mitarbeiterfeste<\/td>\n<\/tr>\n<tr style=\"height: 24px;\">\n<td style=\"width: 1.12994%; height: 24px;\"><\/td>\n<td style=\"height: 24px; text-align: left; width: 35.1897%;\"><strong>Doneck Euroflex, Luxemburg<\/strong><\/td>\n<td style=\"height: 24px; width: 28.172%; text-align: left;\">Family Day 2013 und 2018<\/td>\n<\/tr>\n<tr style=\"height: 24px;\">\n<td style=\"width: 1.12994%; height: 24px;\"><\/td>\n<td style=\"height: 24px; vertical-align: top; text-align: left; width: 35.1897%;\"><strong>Ecole fondamentale &#8220;Um Ewent&#8221; contern<\/strong><\/td>\n<td style=\"height: 24px; width: 28.172%; text-align: left;\">Comic Festival Schulfeste<\/td>\n<\/tr>\n<tr style=\"height: 24px;\">\n<td style=\"width: 1.12994%; height: 24px;\"><\/td>\n<td style=\"height: 24px; text-align: left; width: 35.1897%;\"><strong>Ecole Maria Montessori, Luxembourg<br \/>\n<\/strong><\/td>\n<td style=\"height: 24px; width: 28.172%; text-align: left;\">Schulfest<\/td>\n<\/tr>\n<tr style=\"height: 24px;\">\n<td style=\"width: 1.12994%; height: 24px;\"><\/td>\n<td style=\"height: 24px; text-align: left; width: 35.1897%;\"><strong>Elternvereinigung Dalheim<\/strong>,\u00a0 Luxemburg<\/td>\n<td style=\"height: 24px; width: 28.172%; text-align: left;\">Schulfeste seit 2009<\/td>\n<\/tr>\n<tr style=\"height: 23px;\">\n<td style=\"width: 1.12994%; height: 23px;\"><\/td>\n<td style=\"text-align: left; width: 35.1897%; height: 23px;\"><strong>Elternvereinigung Biwer, Luxemburg<\/strong><\/td>\n<td style=\"width: 28.172%; text-align: left; height: 23px;\">Schulfeste<\/td>\n<\/tr>\n<tr style=\"height: 24px;\">\n<td style=\"width: 1.12994%; height: 24px;\"><\/td>\n<td style=\"height: 24px; text-align: left; width: 35.1897%;\"><strong>Elternvereinigung K\u00fcntzig-Fingig<\/strong>, Luxemburg<\/td>\n<td style=\"height: 24px; width: 28.172%; text-align: left;\">Schulfeste seit 2009<\/td>\n<\/tr>\n<tr style=\"height: 24px;\">\n<td style=\"width: 1.12994%; height: 24px;\"><\/td>\n<td style=\"height: 24px; text-align: left; width: 35.1897%;\"><strong>Elternvereinigung Sandweiler<\/strong>, Luxemburg<\/td>\n<td style=\"height: 24px; vertical-align: top; width: 28.172%; text-align: left;\">Schulfeste seit 2007<\/td>\n<\/tr>\n<tr style=\"height: 24px;\">\n<td style=\"width: 1.12994%; height: 24px;\"><\/td>\n<td style=\"height: 24px; text-align: left; width: 35.1897%;\"><strong>Entwicklungsgesellschaft Petrisberg, <\/strong>Trier<\/td>\n<td style=\"height: 24px; width: 28.172%; text-align: left;\">Familienfeste Petrisberg 2009, 2010, 2011, 2012<\/td>\n<\/tr>\n<tr style=\"height: 24px;\">\n<td style=\"width: 1.12994%; height: 24px;\"><\/td>\n<td style=\"height: 24px; text-align: left; width: 35.1897%;\"><strong>FANUC Robotics Europa S.A.,<\/strong><\/td>\n<td style=\"height: 24px; width: 28.172%; text-align: left;\">Betriebsfeiern &amp; Familydays seit 2006<\/td>\n<\/tr>\n<tr style=\"height: 24px;\">\n<td style=\"width: 1.12994%; height: 24px;\"><\/td>\n<td style=\"height: 24px; text-align: left; width: 35.1897%;\"><strong>FORD Autohaus am Verteiler Trier<\/strong><\/td>\n<td style=\"height: 24px; width: 28.172%; text-align: left;\">Auto- und Hausmessen<\/td>\n<\/tr>\n<tr style=\"height: 23px;\">\n<td style=\"width: 1.12994%; height: 23px;\"><\/td>\n<td style=\"text-align: left; width: 35.1897%; height: 23px;\"><strong>GALERIA S.\u00e1.r.l. &amp; Co. KG<\/strong><\/td>\n<td style=\"width: 28.172%; text-align: left; height: 23px;\">Aktionstage<\/td>\n<\/tr>\n<tr style=\"height: 23px;\">\n<td style=\"width: 1.12994%; height: 23px;\"><\/td>\n<td style=\"text-align: left; width: 35.1897%; height: 23px;\"><strong>Gemeinde Korlingen<\/strong><\/td>\n<td style=\"width: 28.172%; text-align: left; height: 23px;\">Gemeindefest<\/td>\n<\/tr>\n<tr style=\"height: 23px;\">\n<td style=\"width: 1.12994%; height: 23px;\"><\/td>\n<td style=\"text-align: left; width: 35.1897%; height: 23px;\"><strong>Gemeinde Nittel<\/strong><\/td>\n<td style=\"width: 28.172%; text-align: left; height: 23px;\">Gemeindefest<\/td>\n<\/tr>\n<tr style=\"height: 24px;\">\n<td style=\"width: 1.12994%; height: 24px;\"><\/td>\n<td style=\"height: 24px; text-align: left; width: 35.1897%;\"><strong>Gemeinde P\u00e9tange<\/strong>,\u00a0Luxemburg<\/td>\n<td style=\"height: 24px; width: 28.172%; text-align: left;\">Abschlu\u00dffeste des Ferienprogramms seit 2009,<\/td>\n<\/tr>\n<tr style=\"height: 23px;\">\n<td style=\"width: 1.12994%; height: 23px;\"><\/td>\n<td style=\"text-align: left; width: 35.1897%; height: 23px;\"><strong>Gemeinde Pluwig<\/strong><\/td>\n<td style=\"width: 28.172%; text-align: left; height: 23px;\">Familientage, Gemeindefest. Aktionstage<\/td>\n<\/tr>\n<tr style=\"height: 24px;\">\n<td style=\"width: 1.12994%; height: 24px;\"><\/td>\n<td style=\"height: 24px; text-align: left; width: 35.1897%;\"><strong>Gemeinde Remich<\/strong>, Luxemburg<\/td>\n<td style=\"height: 24px; width: 28.172%; text-align: left;\">SUN Days seit 2014<\/td>\n<\/tr>\n<tr style=\"height: 24px;\">\n<td style=\"width: 1.12994%; height: 24px;\"><\/td>\n<td style=\"height: 24px; vertical-align: top; text-align: left; width: 35.1897%;\"><strong>Gemeinde Sandweiler<\/strong>, Luxemburg<\/td>\n<td style=\"height: 24px; width: 28.172%; text-align: left;\">Nationalfeiertage seit 2009<\/td>\n<\/tr>\n<tr style=\"height: 24px;\">\n<td style=\"width: 1.12994%; height: 24px;\"><\/td>\n<td style=\"height: 24px; vertical-align: top; text-align: left; width: 35.1897%;\"><strong>Gladiators Trier<\/strong><\/td>\n<td style=\"height: 24px; width: 28.172%; text-align: left;\">Kinderwelt w\u00e4hrend s\u00e4mtlicher Heimspiele<br \/>\ndes Basketball Bundesligisten in der Arena Trier,<br \/>\nseit der Saison 2015\/2016<\/td>\n<\/tr>\n<tr style=\"height: 24px;\">\n<td style=\"width: 1.12994%; height: 24px;\"><\/td>\n<td style=\"height: 24px; vertical-align: top; text-align: left; width: 35.1897%;\"><strong>Goodyear Dunlop Tires Germany, Wittlich<\/strong><\/td>\n<td style=\"height: 24px; width: 28.172%; text-align: left;\">Betriebsfamilienfest seit 2016<\/td>\n<\/tr>\n<tr style=\"height: 24px;\">\n<td style=\"width: 1.12994%; height: 24px;\"><\/td>\n<td style=\"height: 24px; vertical-align: top; text-align: left; width: 35.1897%;\"><strong>Handwerkskammer (HWK)\u00a0Trier<\/strong><\/td>\n<td style=\"height: 24px; width: 28.172%; text-align: left;\">\u00d6komessen Trier seit 2009 und diverse Events<\/td>\n<\/tr>\n<tr style=\"height: 24px;\">\n<td style=\"width: 1.12994%; height: 24px;\"><\/td>\n<td style=\"height: 24px; vertical-align: top; text-align: left; width: 35.1897%;\"><strong>Haus der Gesundheit Trier<\/strong><\/td>\n<td style=\"height: 24px; width: 28.172%; text-align: left;\">Gesundheitstage<\/td>\n<\/tr>\n<tr style=\"height: 24px;\">\n<td style=\"width: 1.12994%; height: 24px;\"><\/td>\n<td style=\"height: 24px; vertical-align: top; text-align: left; width: 35.1897%;\"><strong>Haus der Jugend Konz<\/strong><\/td>\n<td style=\"height: 24px; width: 28.172%; text-align: left;\">Aktionstage, Ferienprogramme seit 2004 wie z.B.<br \/>\nWuselkusen &#8230; die Spielstadt f\u00fcr Kinder und Familienevents<\/td>\n<\/tr>\n<tr style=\"height: 24px;\">\n<td style=\"width: 1.12994%; height: 24px;\"><\/td>\n<td style=\"height: 24px; text-align: left; width: 35.1897%;\"><strong>IKEA Saarlouis<\/strong><\/td>\n<td style=\"height: 24px; width: 28.172%; text-align: left;\">Familydays &amp; Aktionstage<\/td>\n<\/tr>\n<tr style=\"height: 24px;\">\n<td style=\"width: 1.12994%; height: 24px;\"><\/td>\n<td style=\"height: 24px; text-align: left; width: 35.1897%;\"><strong>IRT Trier<\/strong><\/td>\n<td style=\"height: 24px; width: 28.172%; text-align: left;\">Moselballonfiesta seit 2011<\/td>\n<\/tr>\n<tr style=\"height: 24px;\">\n<td style=\"width: 1.12994%; height: 24px;\"><\/td>\n<td style=\"height: 24px; text-align: left; width: 35.1897%;\"><strong>JHZ Don Bosco Helenenberg<\/strong><\/td>\n<td style=\"height: 24px; width: 28.172%; text-align: left;\">Helenenfest<\/td>\n<\/tr>\n<tr style=\"height: 24px;\">\n<td style=\"width: 1.12994%; height: 24px;\"><\/td>\n<td style=\"height: 24px; text-align: left; width: 35.1897%;\"><strong>Jugendb\u00fcro Wadern-Weiskirchen<\/strong><\/td>\n<td style=\"height: 24px; width: 28.172%; text-align: left;\">Familienfeste im Stadtpark<\/td>\n<\/tr>\n<tr style=\"height: 24px;\">\n<td style=\"width: 1.12994%; height: 24px;\"><\/td>\n<td style=\"height: 24px; text-align: left; width: 35.1897%;\"><strong>Jugendnetzwerk Konz<\/strong><\/td>\n<td style=\"height: 24px; width: 28.172%; text-align: left;\"><strong><a href=\"http:\/\/www.kinderfestival-konz.de\/?page_id=114\" target=\"_blank\" rel=\"noopener noreferrer\">Kindefestival Konz<\/a> <\/strong>seit 2011<\/td>\n<\/tr>\n<tr style=\"height: 24px;\">\n<td style=\"width: 1.12994%; height: 24px;\"><\/td>\n<td style=\"height: 24px; vertical-align: top; text-align: left; width: 35.1897%;\"><strong>Kinder- und Jugendb\u00fcro Schweich<\/strong><\/td>\n<td style=\"height: 24px; vertical-align: top; width: 28.172%; text-align: left;\">Mobile Spielaktionen in der VG Schweich<br \/>\nFamilienfeste der VG Schweich und diverse Events<\/td>\n<\/tr>\n<tr style=\"height: 24px;\">\n<td style=\"width: 1.12994%; height: 24px;\"><\/td>\n<td style=\"height: 24px; vertical-align: top; text-align: left; width: 35.1897%;\"><strong>Kreis Junger Unternehmer<\/strong><\/td>\n<td style=\"height: 24px; vertical-align: top; width: 28.172%; text-align: left;\"><\/td>\n<\/tr>\n<tr style=\"height: 48px;\">\n<td style=\"width: 1.12994%; height: 48px;\"><\/td>\n<td style=\"height: 48px; vertical-align: top; text-align: left; width: 35.1897%;\"><strong>Kreissparkasse Bitburg-Pr\u00fcm<\/strong><\/td>\n<td style=\"height: 48px; vertical-align: top; width: 28.172%; text-align: left;\">Weltkindertag im Eifelpark, Gondorf, 2005<br \/>\nGewerbeschau Bitburg, 2007<\/td>\n<\/tr>\n<tr style=\"height: 24px;\">\n<td style=\"width: 1.12994%; height: 24px;\"><\/td>\n<td style=\"height: 24px; vertical-align: top; text-align: left; width: 35.1897%;\"><strong>Kreisverwaltung Trier-Saarburg<\/strong><\/td>\n<td style=\"height: 24px; vertical-align: top; width: 28.172%; text-align: left;\">Abschlussfeste des Kreis-Ferienspa\u00dfes, seit 2005<\/td>\n<\/tr>\n<tr style=\"height: 24px;\">\n<td style=\"width: 1.12994%; height: 24px;\"><\/td>\n<td style=\"height: 24px; vertical-align: top; text-align: left; width: 35.1897%;\"><\/td>\n<td style=\"height: 24px; vertical-align: top; width: 28.172%; text-align: left;\">Rheinland-Pfalztag 2007 in Baumholder<\/td>\n<\/tr>\n<tr style=\"height: 24px;\">\n<td style=\"width: 1.12994%; height: 24px;\"><\/td>\n<td style=\"height: 24px; vertical-align: top; text-align: left; width: 35.1897%;\"><\/td>\n<td style=\"height: 24px; vertical-align: top; width: 28.172%; text-align: left;\">Mobile Spielaktionen im Landkreis Trier-Saarburg<\/td>\n<\/tr>\n<tr>\n<td style=\"width: 1.12994%;\"><\/td>\n<td style=\"vertical-align: top; text-align: left; width: 35.1897%;\"><\/td>\n<td style=\"vertical-align: top; width: 28.172%; text-align: left;\">Pumptrack Challenges im Landkreis<\/td>\n<\/tr>\n<tr style=\"height: 24px;\">\n<td style=\"width: 1.12994%; height: 24px;\"><\/td>\n<td style=\"height: 24px; vertical-align: top; text-align: left; width: 35.1897%;\"><strong>Kulturring Trier Euren<\/strong><\/td>\n<td style=\"height: 24px; vertical-align: top; width: 28.172%; text-align: left;\">Eurener Kirmes<\/td>\n<\/tr>\n<tr style=\"height: 24px;\">\n<td style=\"width: 1.12994%; height: 24px;\"><\/td>\n<td style=\"height: 24px; vertical-align: top; text-align: left; width: 35.1897%;\"><strong>K\u00fchn &amp; Nagel<\/strong><\/td>\n<td style=\"height: 24px; vertical-align: top; width: 28.172%; text-align: left;\">Firmenevents<\/td>\n<\/tr>\n<tr style=\"height: 24px;\">\n<td style=\"width: 1.12994%; height: 24px;\"><\/td>\n<td style=\"height: 24px; vertical-align: top; text-align: left; width: 35.1897%;\"><strong>Landal Park, Hochwald<\/strong><\/td>\n<td style=\"height: 24px; vertical-align: top; width: 28.172%; text-align: left;\">Aktionstage<\/td>\n<\/tr>\n<tr style=\"height: 24px;\">\n<td style=\"width: 1.12994%; height: 24px;\"><\/td>\n<td style=\"height: 24px; vertical-align: top; text-align: left; width: 35.1897%;\"><strong>Landal Park, Saarburg<\/strong><\/td>\n<td style=\"height: 24px; vertical-align: top; width: 28.172%; text-align: left;\">Ferien-Aktionstage 2018, 2019<\/td>\n<\/tr>\n<tr style=\"height: 24px;\">\n<td style=\"width: 1.12994%; height: 24px;\"><\/td>\n<td style=\"height: 24px; vertical-align: top; text-align: left; width: 35.1897%;\"><strong>Lebenshilfe Werke Trier<\/strong><\/td>\n<td style=\"height: 24px; vertical-align: top; width: 28.172%; text-align: left;\">Tage der offenen T\u00fcr<\/td>\n<\/tr>\n<tr style=\"height: 24px;\">\n<td style=\"width: 1.12994%; height: 24px;\"><\/td>\n<td style=\"height: 24px; vertical-align: top; text-align: left; width: 35.1897%;\"><\/td>\n<td style=\"height: 24px; vertical-align: top; width: 28.172%; text-align: left;\">\n<table>\n<tbody>\n<tr>\n<td>Fr\u00fchlingsfeste Hofgut Serrig<\/td>\n<\/tr>\n<\/tbody>\n<\/table>\n<\/td>\n<\/tr>\n<tr style=\"height: 24px;\">\n<td style=\"width: 1.12994%; height: 24px;\"><\/td>\n<td style=\"height: 24px; vertical-align: top; text-align: left; width: 35.1897%;\"><strong>Medienfabrik Trier<\/strong><\/td>\n<td style=\"height: 24px; vertical-align: top; width: 28.172%; text-align: left;\">diverse Events<\/td>\n<\/tr>\n<tr style=\"height: 48px;\">\n<td style=\"width: 1.12994%; height: 48px;\"><\/td>\n<td style=\"height: 48px; vertical-align: top; text-align: left; width: 35.1897%;\"><strong>M\u00f6bel Martin, Konz<\/strong><\/td>\n<td style=\"height: 48px; vertical-align: top; width: 28.172%; text-align: left;\">verkaufsoffene Wochenenden,<br \/>\nHausmessen und Schautage seit 2004,<\/td>\n<\/tr>\n<tr style=\"height: 24px;\">\n<td style=\"width: 1.12994%; height: 24px;\"><\/td>\n<td style=\"height: 24px; vertical-align: top; text-align: left; width: 35.1897%;\"><strong>MUH ( Milchunion Hocheifel )<\/strong><\/td>\n<td style=\"height: 24px; vertical-align: top; width: 28.172%; text-align: left;\">40 Jahre MUH &#8211; Erlebnistag 2007<\/td>\n<\/tr>\n<tr style=\"height: 24px;\">\n<td style=\"width: 1.12994%; height: 24px;\"><\/td>\n<td style=\"height: 24px; vertical-align: top; text-align: left; width: 35.1897%;\"><strong>MVG Trier <\/strong>Messe- und Veranstaltungsgesellschaft<\/td>\n<td style=\"height: 24px; vertical-align: top; width: 28.172%; text-align: left;\">Haus- und Automessen seit 2009<br \/>\nRosenmontags Faschingsparty seit 2012<\/td>\n<\/tr>\n<tr style=\"height: 24px;\">\n<td style=\"width: 1.12994%; height: 24px;\"><\/td>\n<td style=\"height: 24px; vertical-align: top; text-align: left; width: 35.1897%;\"><strong>Parts Europe<\/strong><\/td>\n<td style=\"height: 24px; vertical-align: top; width: 28.172%; text-align: left;\">Betriebs- und Mitarbeiterfest 2018, 2019<\/td>\n<\/tr>\n<tr style=\"height: 24px;\">\n<td style=\"width: 1.12994%; height: 24px;\"><\/td>\n<td style=\"height: 24px; vertical-align: top; text-align: left; width: 35.1897%;\"><strong>Petrispark GmbH Trier<\/strong><\/td>\n<td style=\"height: 24px; vertical-align: top; width: 28.172%; text-align: left;\">Familienfeste Petrisberg 2009, 2010, 2011, 2012<\/td>\n<\/tr>\n<tr style=\"height: 24px;\">\n<td style=\"width: 1.12994%; height: 24px;\"><\/td>\n<td style=\"height: 24px; vertical-align: top; text-align: left; width: 35.1897%;\"><strong>RTL Luxemburg<\/strong><\/td>\n<td style=\"height: 24px; vertical-align: top; width: 28.172%; text-align: left;\">Family Day, 2004<\/td>\n<\/tr>\n<tr style=\"height: 24px;\">\n<td style=\"width: 1.12994%; height: 24px;\"><\/td>\n<td style=\"height: 24px; vertical-align: top; text-align: left; width: 35.1897%;\"><strong>Saar Pedal\u00a0(autofreier Sonntag an der Saar)<\/strong><\/td>\n<td style=\"height: 24px; vertical-align: top; width: 28.172%; text-align: left;\">Best\u00fcckung der Aktionszonen mit Spielmodulen seit 1995<\/td>\n<\/tr>\n<tr style=\"height: 24px;\">\n<td style=\"width: 1.12994%; height: 24px;\"><\/td>\n<td style=\"height: 24px; vertical-align: top; text-align: left; width: 35.1897%;\"><strong>SAL Oppenheim, Luxemburg<\/strong><\/td>\n<td style=\"height: 24px; vertical-align: top; width: 28.172%; text-align: left;\">Betriebs- &amp; Mitarbeiterfeste seit 2006<\/td>\n<\/tr>\n<tr style=\"height: 24px;\">\n<td style=\"width: 1.12994%; height: 24px;\"><\/td>\n<td style=\"height: 24px; vertical-align: top; text-align: left; width: 35.1897%;\"><strong>Schottler GmbH<\/strong><\/td>\n<td style=\"height: 24px; vertical-align: top; width: 28.172%; text-align: left;\">Hausmesse 2009<\/td>\n<\/tr>\n<tr style=\"height: 24px;\">\n<td style=\"width: 1.12994%; height: 24px;\"><\/td>\n<td style=\"height: 24px; vertical-align: top; text-align: left; width: 35.1897%;\"><strong>Sparkasse Trier<\/strong><\/td>\n<td style=\"height: 24px; vertical-align: top; width: 28.172%; text-align: left;\">Aktionstage und diverse Events<\/td>\n<\/tr>\n<tr style=\"height: 72px;\">\n<td style=\"width: 1.12994%; height: 72px;\"><\/td>\n<td style=\"height: 72px; vertical-align: top; text-align: left; width: 35.1897%;\"><strong>Stadt Konz<\/strong><\/td>\n<td style=\"height: 72px; vertical-align: top; width: 28.172%; text-align: left;\">Family Days am Heimat- und Weinfest, seit 1995<br \/>\nKinderfestival Konz seit 2011<br \/>\nModellbauwerkst\u00e4tten zur Spielraum &amp; -platzgestaltung<\/td>\n<\/tr>\n<tr style=\"height: 24px;\">\n<td style=\"width: 1.12994%; height: 24px;\"><\/td>\n<td style=\"height: 24px; vertical-align: top; text-align: left; width: 35.1897%;\"><strong>Stadtteilb\u00fcro Karthaus<\/strong><\/td>\n<td style=\"height: 24px; vertical-align: top; width: 28.172%; text-align: left;\">B\u00fcrgerbeiteiligungen seit 2013<\/td>\n<\/tr>\n<tr style=\"height: 24px;\">\n<td style=\"width: 1.12994%; height: 24px;\"><\/td>\n<td style=\"height: 24px; vertical-align: top; text-align: left; width: 35.1897%;\"><\/td>\n<td style=\"height: 24px; vertical-align: top; width: 28.172%; text-align: left;\">Er\u00f6ffungsfeiern Stadtteilprojekte seit 2013<\/td>\n<\/tr>\n<tr style=\"height: 24px;\">\n<td style=\"width: 1.12994%; height: 24px;\"><\/td>\n<td style=\"height: 24px; vertical-align: top; text-align: left; width: 35.1897%;\"><\/td>\n<td style=\"height: 24px; vertical-align: top; width: 28.172%; text-align: left;\">Modellbauwerkst\u00e4tten zur Spielraum &amp; -platzgestaltung 2014<\/td>\n<\/tr>\n<tr style=\"height: 24px;\">\n<td style=\"width: 1.12994%; height: 24px;\"><\/td>\n<td style=\"height: 24px; vertical-align: top; text-align: left; width: 35.1897%;\"><\/td>\n<td style=\"height: 24px; vertical-align: top; width: 28.172%; text-align: left;\">Stadtteilfest Konz-Karthaus seit 2017<\/td>\n<\/tr>\n<tr style=\"height: 24px;\">\n<td style=\"width: 1.12994%; height: 24px;\"><\/td>\n<td style=\"height: 24px; vertical-align: top; text-align: left; width: 35.1897%;\"><strong>Stadt Trier<\/strong><\/td>\n<td style=\"height: 24px; vertical-align: top; width: 28.172%; text-align: left;\">Altstadtfest seit 2009<\/td>\n<\/tr>\n<tr style=\"height: 24px;\">\n<td style=\"width: 1.12994%; height: 24px;\"><\/td>\n<td style=\"height: 24px; vertical-align: top; text-align: left; width: 35.1897%;\"><strong>Stadt Wittlich<\/strong><\/td>\n<td style=\"height: 24px; vertical-align: top; width: 28.172%; text-align: left;\">diverse Veranstaltungen und Events<\/td>\n<\/tr>\n<tr style=\"height: 24px;\">\n<td style=\"width: 1.12994%; height: 24px;\"><\/td>\n<td style=\"height: 24px; vertical-align: top; text-align: left; width: 35.1897%;\"><strong>Stadtmarketing Konz<\/strong><\/td>\n<td style=\"height: 24px; vertical-align: top; width: 28.172%; text-align: left;\">Verkaufsoffene Sonntag seit 2004<\/td>\n<\/tr>\n<tr style=\"height: 24px;\">\n<td style=\"width: 1.12994%; height: 24px;\"><\/td>\n<td style=\"vertical-align: top; height: 24px; text-align: left; width: 35.1897%;\"><strong>Stadtmarketing Schweich<br \/>\n<\/strong><\/td>\n<td style=\"vertical-align: top; height: 24px; width: 28.172%; text-align: left;\">Weinfest &#8220;R\u00f6mische Weinstra\u00dfe&#8221;<\/td>\n<\/tr>\n<tr style=\"height: 24px;\">\n<td style=\"width: 1.12994%; height: 24px;\"><\/td>\n<td style=\"height: 24px; vertical-align: top; text-align: left; width: 35.1897%;\"><\/td>\n<td style=\"height: 24px; vertical-align: top; width: 28.172%; text-align: left;\">Kinderfestivel Konz seit 2012<\/td>\n<\/tr>\n<tr style=\"height: 24px;\">\n<td style=\"width: 1.12994%; height: 24px;\"><\/td>\n<td style=\"height: 24px; vertical-align: top; text-align: left; width: 35.1897%;\"><strong>S\u00fcdwestdeutscher Fu\u00dfballverband<\/strong><\/td>\n<td style=\"height: 24px; vertical-align: top; width: 28.172%; text-align: left;\"><\/td>\n<\/tr>\n<tr style=\"height: 48px;\">\n<td style=\"width: 1.12994%; height: 48px;\"><\/td>\n<td style=\"height: 48px; vertical-align: top; text-align: left; width: 35.1897%;\"><strong>Trierischer Volksfreund<\/strong><\/td>\n<td style=\"height: 48px; vertical-align: top; width: 28.172%; text-align: left;\">TV Tag der offenen T\u00fcr 2015<br \/>\nTV Road Show &#8211; Jubil\u00e4umstour 2010<br \/>\nsowie diverse Events in der Region Trier<\/td>\n<\/tr>\n<tr style=\"height: 48px;\">\n<td style=\"width: 1.12994%; height: 48px;\"><\/td>\n<td style=\"height: 48px; vertical-align: top; text-align: left; width: 35.1897%;\"><strong>TMS Luxemburg<\/strong><\/td>\n<td style=\"height: 48px; vertical-align: top; width: 28.172%; text-align: left;\">Betriebs- und Mitarbeiterfeiern<\/td>\n<\/tr>\n<tr style=\"height: 18px;\">\n<td style=\"width: 1.12994%; height: 48px;\"><\/td>\n<td style=\"height: 48px; vertical-align: top; text-align: left; width: 35.1897%;\"><strong>Universit\u00e4t Trier<\/strong><\/td>\n<td style=\"height: 48px; vertical-align: top; width: 28.172%; text-align: left;\">Uni Sommerfeste<\/td>\n<\/tr>\n<tr style=\"height: 24px;\">\n<td style=\"width: 1.12994%; height: 24px;\"><\/td>\n<td style=\"height: 24px; text-align: left; width: 35.1897%;\"><strong>Verbandsgemeinde Konz<\/strong><\/td>\n<td style=\"height: 24px; width: 28.172%; text-align: left;\">Mobile Spielaktionen in den Gemeinden der VG seit 2001<\/td>\n<\/tr>\n<tr style=\"height: 24px;\">\n<td style=\"width: 1.12994%; height: 24px;\"><\/td>\n<td style=\"height: 24px; text-align: left; width: 35.1897%;\"><strong>Verbandsgemeinde Schweich<\/strong><\/td>\n<td style=\"height: 24px; width: 28.172%; text-align: left;\">Mobile Spielaktionen in den Gemeinden der VG seit 2006<\/td>\n<\/tr>\n<tr style=\"height: 24px;\">\n<td style=\"width: 1.12994%; height: 24px;\"><\/td>\n<td style=\"height: 24px; text-align: left; width: 35.1897%;\"><strong>Volksbank Trier<\/strong><\/td>\n<td style=\"height: 24px; width: 28.172%; text-align: left;\">Aktionstage seit 2005<\/td>\n<\/tr>\n<tr style=\"height: 24px;\">\n<td style=\"width: 1.12994%; height: 24px;\"><\/td>\n<td style=\"height: 24px; text-align: left; width: 35.1897%;\"><strong>Volkwagenzentrum Trier<\/strong><\/td>\n<td style=\"height: 24px; width: 28.172%; text-align: left;\">Autoshows und Hausmessen<\/td>\n<\/tr>\n<tr style=\"height: 24px;\">\n<td style=\"width: 1.12994%; height: 21px;\"><\/td>\n<td style=\"height: 21px; vertical-align: top; text-align: left; width: 35.1897%;\"><strong>VOLVO Construction Equipment Europe GmbH,<br \/>\n<\/strong><\/td>\n<td style=\"height: 21px; vertical-align: top; width: 28.172%; text-align: left;\">Wismut in Chemnitz, 2005, 2006,<\/td>\n<\/tr>\n<tr style=\"height: 24px;\">\n<td style=\"width: 1.12994%; height: 24px;\"><\/td>\n<td style=\"height: 24px; vertical-align: top; text-align: left; width: 35.1897%;\"><\/td>\n<td style=\"height: 24px; width: 28.172%; text-align: left;\">VOLVO MasterKonz 2003, 2005, 2006, 2007,<\/td>\n<\/tr>\n<tr style=\"height: 24px;\">\n<td style=\"width: 1.12994%; height: 24px;\"><\/td>\n<td style=\"height: 24px; vertical-align: top; text-align: left; width: 35.1897%;\"><\/td>\n<td style=\"height: 24px; width: 28.172%; text-align: left;\">Kinderfestival Konz 2012, 2013, 2014, 2015, 2017, 2019<\/td>\n<\/tr>\n<tr style=\"height: 24px;\">\n<td style=\"width: 1.12994%; height: 24px;\"><\/td>\n<td style=\"height: 24px; vertical-align: top; text-align: left; width: 35.1897%;\"><\/td>\n<td style=\"height: 24px; width: 28.172%; text-align: left;\">Family and Friends, seit 2018<\/td>\n<\/tr>\n<tr style=\"height: 24px;\">\n<td style=\"width: 1.12994%; height: 24px;\"><\/td>\n<td style=\"height: 24px; text-align: left; width: 35.1897%;\"><strong>VRT<\/strong><\/td>\n<td style=\"height: 24px; width: 28.172%; text-align: left;\">Landesgartenschau Trier, 2004<\/td>\n<\/tr>\n<tr style=\"height: 24px;\">\n<td style=\"width: 1.12994%; height: 24px;\"><\/td>\n<td style=\"height: 24px; text-align: left; width: 35.1897%;\"><strong>Waldschule Esch-lzette,\u00a0Luxemburg<\/strong><\/td>\n<td style=\"height: 24px; width: 28.172%; text-align: left;\">Spielp\u00e4dagogische Programme in der Schule, seit 2009<\/td>\n<\/tr>\n<tr style=\"height: 24px;\">\n<td style=\"width: 1.12994%; height: 24px;\"><\/td>\n<td style=\"height: 24px; text-align: left; width: 35.1897%;\"><strong>Wochenspiegel TW Verlagsgruppe<\/strong><\/td>\n<td style=\"height: 24px; width: 28.172%; text-align: left;\">diverse Events seit 2007<\/td>\n<\/tr>\n<tr style=\"height: 24px;\">\n<td style=\"width: 1.12994%; height: 24px;\"><\/td>\n<td style=\"height: 24px; vertical-align: top; text-align: left; width: 35.1897%;\"><strong>Zell an der Mosel<\/strong><\/td>\n<td style=\"height: 24px; vertical-align: top; width: 28.172%; text-align: left;\">Weinfest &#8220;Zeller Schwarze Katz&#8221;, 2018, 2019, 2020<\/td>\n<\/tr>\n<\/tbody>\n<\/table>\n","protected":false},"excerpt":{"rendered":"<p>Vertrauen durch Erfahrung. Begeisterung durch Erlebnisse. Seit vielen Jahren begleiten wir St\u00e4dte und Gemeinden, Unternehmen, Vereine, Schulen, Kindertagesst\u00e4tten und Familien bei der Planung und Umsetzung erfolgreicher Veranstaltungen in der gesamten Gro\u00dfregion. Als erfahrener Partner f\u00fcr Spiel-, Sport- und Eventmodule sowie professionelles Eventequipment begleiten wir Veranstaltungen jeder Gr\u00f6\u00dfe \u2013 zuverl\u00e4ssig, flexibel und mit einem besonderen Gesp\u00fcr [&hellip;]<\/p>\n","protected":false},"author":1,"featured_media":0,"parent":0,"menu_order":0,"comment_status":"closed","ping_status":"closed","template":"","meta":{"footnotes":""},"_links":{"self":[{"href":"https:\/\/www.spielmobil-konz.de\/index.php?rest_route=\/wp\/v2\/pages\/78"}],"collection":[{"href":"https:\/\/www.spielmobil-konz.de\/index.php?rest_route=\/wp\/v2\/pages"}],"about":[{"href":"https:\/\/www.spielmobil-konz.de\/index.php?rest_route=\/wp\/v2\/types\/page"}],"author":[{"embeddable":true,"href":"https:\/\/www.spielmobil-konz.de\/index.php?rest_route=\/wp\/v2\/users\/1"}],"replies":[{"embeddable":true,"href":"https:\/\/www.spielmobil-konz.de\/index.php?rest_route=%2Fwp%2Fv2%2Fcomments&post=78"}],"version-history":[{"count":45,"href":"https:\/\/www.spielmobil-konz.de\/index.php?rest_route=\/wp\/v2\/pages\/78\/revisions"}],"predecessor-version":[{"id":4748,"href":"https:\/\/www.spielmobil-konz.de\/index.php?rest_route=\/wp\/v2\/pages\/78\/revisions\/4748"}],"wp:attachment":[{"href":"https:\/\/www.spielmobil-konz.de\/index.php?rest_route=%2Fwp%2Fv2%2Fmedia&parent=78"}],"curies":[{"name":"wp","href":"https:\/\/api.w.org\/{rel}","templated":true}]}}